{"id":114,"date":"2012-10-15T17:55:20","date_gmt":"2012-10-15T15:55:20","guid":{"rendered":"https:\/\/www.t4franquicias.com\/?page_id=114"},"modified":"2025-05-29T13:41:43","modified_gmt":"2025-05-29T11:41:43","slug":"quem-somos-especialistas-em-franquia","status":"publish","type":"page","link":"https:\/\/www.t4franquicias.com\/pt\/empresa\/quem-somos-especialistas-em-franquia\/","title":{"rendered":"Quem Somos. Especialistas em franquia"},"content":{"rendered":"<div id=\"the_content\" class=\"row\"><div class=\"cell bg12\"><h3 data-start=\"0\" data-end=\"29\"><strong data-start=\"0\" data-end=\"29\">Especialistas em Franquia<\/strong><\/h3> <p class=\"\" data-start=\"31\" data-end=\"329\">Se procura especialistas em franquia, a <strong data-start=\"71\" data-end=\"87\">T4 Franquicias<\/strong>\u00a0\u00e9 um projeto empresarial constitu\u00eddo por profissionais de grande prest\u00edgio, com mais de 20 anos de experi\u00eancia no setor, que participaram e lideraram algumas das hist\u00f3rias de sucesso mais relevantes tanto a n\u00edvel nacional como internacional.<\/p> <p class=\"\" data-start=\"331\" data-end=\"576\">Toda essa experi\u00eancia foi reunida num projeto que oferece ao mercado uma vis\u00e3o e um modelo de trabalho totalmente diferenciados, baseados na obten\u00e7\u00e3o de resultados e no crescimento empresarial. A T4 Franquias \u00e9 o resultado de todo esse know-how.<\/p> <h2 style=\"text-align: left;\">A Nossa Equipa:<\/h2> <h3><a href=\"https:\/\/www.t4franquicias.com\/wp-content\/uploads\/2021\/12\/Disen\u0303o-sin-ti\u0301tulo-2.png\"><img loading=\"lazy\" decoding=\"async\" class=\"size-full wp-image-10777 alignleft\" src=\"https:\/\/www.t4franquicias.com\/wp-content\/uploads\/2021\/12\/Disen\u0303o-sin-ti\u0301tulo-2.png\" alt=\"Miguel \u00c1ngel Oroquieta\" width=\"150\" height=\"200\" \/><\/a>Miguel A. Oroquieta<\/h3> <h4 style=\"text-align: left;\">S\u00f3cio Diretor<\/h4> <p class=\"\" data-start=\"0\" data-end=\"355\"><strong data-start=\"0\" data-end=\"23\">Miguel A. Oroquieta<\/strong> \u00e9 consultor de franquia com uma vasta experi\u00eancia em servi\u00e7os de desenvolvimento e crescimento empresarial. Esses servi\u00e7os est\u00e3o principalmente direcionados a empresas que pretendem iniciar a sua expans\u00e3o em regime de franquia, a franqueadores ativos e a empreendedores e investidores interessados em integrar uma rede de franquia.<\/p> <p class=\"\" data-start=\"357\" data-end=\"675\">O seu percurso profissional esteve sempre ligado ao desenvolvimento empresarial e \u00e0 estrat\u00e9gia de crescimento, com uma dedica\u00e7\u00e3o especial ao setor da franquia. Integra v\u00e1rios conselhos de administra\u00e7\u00e3o de empresas franqueadoras e \u00e9, igualmente, orador e conferencista habitual em jornadas e semin\u00e1rios sobre franquias.<\/p> <p style=\"text-align: left;\"><strong>E-mail:<\/strong>\u00a0<a href=\"mailto:oroquieta@t4franquicias.com\">oroquieta@t4franquicias.com<\/a><br \/> <strong>Telefone:<\/strong>\u00a0916 263 929<\/p> <p style=\"text-align: left;\"><a href=\"#top\" alt=\"Ir arriba\">Ir arriba<\/a><\/p> <h3><a href=\"https:\/\/www.t4franquicias.com\/wp-content\/uploads\/2025\/01\/Foto-web-2.png\"><img loading=\"lazy\" decoding=\"async\" class=\"wp-image-13232 size-full alignleft\" src=\"https:\/\/www.t4franquicias.com\/wp-content\/uploads\/2025\/01\/Foto-web-2.png\" alt=\"Pepe Aragon\u00e9s\" width=\"150\" height=\"200\" \/><\/a>Jos\u00e9 Aragon\u00e9s<\/h3> <h4 style=\"text-align: left;\">S\u00f3cio Diretor<\/h4> <p class=\"\" data-start=\"0\" data-end=\"358\"><strong data-start=\"0\" data-end=\"17\">Jos\u00e9 Aragon\u00e9s<\/strong> \u00e9 um dos maiores especialistas em franquia, profissional dedicado \u00e0 presta\u00e7\u00e3o de servi\u00e7os orientados para o crescimento empresarial. Apaixonado pelo modelo de franquia e por outras f\u00f3rmulas de com\u00e9rcio associado, reconhece nestas uma forma eficaz para que PME\u2019s e microempresas se expandam e ganhem visibilidade em curtos per\u00edodos de tempo.<\/p> <p class=\"\" data-start=\"360\" data-end=\"531\">Licenciado em Direito e dirigente numa consultora de refer\u00eancia desde 1996, criou e desenvolveu mais de 300 redes ao longo da sua carreira.<\/p> <p style=\"text-align: left;\"><strong>E-mail:<\/strong> <a href=\"mailto:jaragones@t4franquicias.com\">jaragones@t4franquicias.com<\/a><br \/> <strong>Telefone:<\/strong> 933 554 917<\/p> <p style=\"text-align: left;\"><a href=\"#top\" alt=\"Ir arriba\">Ir arriba<\/a><\/p> <h3><a href=\"https:\/\/www.t4franquicias.com\/wp-content\/uploads\/2021\/12\/Disen\u0303o-sin-ti\u0301tulo-4.png\"><img loading=\"lazy\" decoding=\"async\" class=\"size-full wp-image-10781 alignleft\" src=\"https:\/\/www.t4franquicias.com\/wp-content\/uploads\/2021\/12\/Disen\u0303o-sin-ti\u0301tulo-4.png\" alt=\"Carlos Terrazas\" width=\"150\" height=\"200\" \/><\/a>Carlos Terrazas<\/h3> <h4 style=\"text-align: left;\">Of Counsel do Departamento Jur\u00eddico<\/h4> <p class=\"\" data-start=\"0\" data-end=\"250\">Licenciado em Direito pela Universidade Aut\u00f3noma de Madrid e com Mestrado em Tributa\u00e7\u00e3o e Assessoria Fiscal, <strong data-start=\"109\" data-end=\"128\">Carlos Terrazas<\/strong> \u00e9 membro do Comit\u00e9 de Especialistas Jur\u00eddicos da Associa\u00e7\u00e3o Espanhola de Franqueadores (AEF) desde a sua cria\u00e7\u00e3o em 2004.<\/p> <p class=\"\" data-start=\"252\" data-end=\"782\">Conta com mais de 15 anos de experi\u00eancia como assessor jur\u00eddico na reda\u00e7\u00e3o e negocia\u00e7\u00e3o de contratos de franquia, tanto a n\u00edvel nacional como internacional, incluindo contratos de master franquia, joint-venture, ag\u00eancia e distribui\u00e7\u00e3o. \u00c9 especializado no aconselhamento em mat\u00e9ria de prote\u00e7\u00e3o da propriedade industrial para redes de franquia, na supervis\u00e3o do cumprimento das obriga\u00e7\u00f5es contratuais de franqueadores e franqueados, bem como na qualifica\u00e7\u00e3o e avalia\u00e7\u00e3o de incumprimentos contratuais.<\/p> <p style=\"text-align: left;\"><b style=\"line-height: 1.5;\">E-mail:<\/b> <span class=\"s1\" style=\"line-height: 1.5;\"><a style=\"line-height: 1.5;\" href=\"mailto:cterrazas@t4franquicias.com\">cterrazas@t4franquicias.com<\/a><\/span><br \/> <b style=\"line-height: 1.5;\">Telefone<\/b><b style=\"line-height: 1.5;\">:<\/b><span style=\"line-height: 1.5;\">\u00a0916 263 929<\/span><\/p> <p style=\"text-align: left;\"><span style=\"line-height: 1.5;\"><a href=\"#top\" alt=\"Ir arriba\">Ir arriba<\/a><\/span><\/p> <h3><a href=\"https:\/\/www.t4franquicias.com\/wp-content\/uploads\/2021\/12\/Disen\u0303o-sin-ti\u0301tulo-1.png\"><img loading=\"lazy\" decoding=\"async\" class=\"size-full wp-image-10775 alignleft\" src=\"https:\/\/www.t4franquicias.com\/wp-content\/uploads\/2021\/12\/Disen\u0303o-sin-ti\u0301tulo-1.png\" alt=\"Xavier Altarriba\" width=\"150\" height=\"200\" \/><\/a>Xavier Altarriba<\/h3> <h4 style=\"text-align: left;\">Consultor de franquias<\/h4> <p class=\"\" data-start=\"0\" data-end=\"270\">Licenciado em Publicidade, Marketing e Rela\u00e7\u00f5es P\u00fablicas pela Universitat Ramon Llull, possui mais de 20 anos de experi\u00eancia em Retail e Franquias, em setores t\u00e3o diversos como a grande distribui\u00e7\u00e3o, o com\u00e9rcio especializado, os centros comerciais e o setor imobili\u00e1rio.<\/p> <p class=\"\" data-start=\"272\" data-end=\"653\">Foi franqueado de uma marca l\u00edder e dirigiu redes de franquia, o que lhe permite oferecer aos clientes uma vis\u00e3o pr\u00e1tica e realista do dia a dia do neg\u00f3cio. Na \u00e1rea da consultoria, assessorou cerca de uma centena de marcas no refor\u00e7o do seu crescimento, seja atrav\u00e9s do modelo de franquia ou de rede pr\u00f3pria, incluindo a procura de localiza\u00e7\u00f5es e negocia\u00e7\u00e3o com centros comerciais.<\/p> <p style=\"text-align: left;\"><strong>E-mail:<\/strong> <a href=\"mailto:xaltarriba@t4franquicias.com\">xaltarriba@t4franquicias.com<\/a><br \/> <strong>Telefone: <\/strong>662 53 53 88<\/p> <a href=\"#top\" alt=\"Ir arriba\">Ir arriba<\/a> <p style=\"text-align: left;\"><a href=\"https:\/\/www.t4franquicias.com\/wp-content\/uploads\/2021\/12\/Disen\u0303o-sin-ti\u0301tulo-6.png\"><img loading=\"lazy\" decoding=\"async\" class=\"size-full wp-image-10785 alignleft\" src=\"https:\/\/www.t4franquicias.com\/wp-content\/uploads\/2021\/12\/Disen\u0303o-sin-ti\u0301tulo-6.png\" alt=\"Alberto Salvador\" width=\"150\" height=\"200\" \/><\/a><\/p> <h3 style=\"text-align: left;\">Alberto Salvador<\/h3> <h4 style=\"text-align: left;\">Diretor Comercial<\/h4> <p class=\"\" data-start=\"0\" data-end=\"226\">Licenciado em Com\u00e9rcio pela Universidade Complutense de Madrid, <strong data-start=\"64\" data-end=\"75\">Alberto<\/strong> regressa \u00e0 T4 Franquias para assumir o cargo de <strong data-start=\"124\" data-end=\"145\">Diretor Comercial<\/strong>, ap\u00f3s uma etapa como S\u00f3cio Fundador de uma franquia de intermedia\u00e7\u00e3o financeira.<\/p> <p class=\"\" data-start=\"228\" data-end=\"534\">Ao longo da sua s\u00f3lida trajet\u00f3ria empresarial, destaca-se pela experi\u00eancia comercial no desenvolvimento e expans\u00e3o bem-sucedida de neg\u00f3cios em diversos setores, bem como pelo aconselhamento a empreendedores, participa\u00e7\u00e3o em m\u00faltiplos projetos de expans\u00e3o de franquias e defini\u00e7\u00e3o de estrat\u00e9gias de mercado.<\/p> <p class=\"\" data-start=\"536\" data-end=\"757\">Distingue-se pelas suas compet\u00eancias profissionais, especialmente pela sua vis\u00e3o estrat\u00e9gica e capacidade de planeamento comercial, que oferecem \u00e0 equipa da T4 Franquias uma perspetiva anal\u00edtica e global do mercado atual.<\/p> <p style=\"text-align: left;\"><strong>E-mail:<\/strong> <a href=\"mailto:asalvador@t4franquicias.com\">asalvador@t4franquicias.com<\/a><br \/> <strong>Telefone:<\/strong> 611 641 609<\/p> <p style=\"text-align: left;\"><a href=\"#top\" alt=\"Ir arriba\">Ir arriba<\/a><\/p> <h3 style=\"text-align: left;\"><a href=\"https:\/\/www.t4franquicias.com\/wp-content\/uploads\/2025\/01\/Foto-web-Pepe-G.png\"><img loading=\"lazy\" decoding=\"async\" class=\"wp-image-13230 size-full alignleft\" src=\"https:\/\/www.t4franquicias.com\/wp-content\/uploads\/2025\/01\/Foto-web-Pepe-G.png\" alt=\"Foto web Pepe G\" width=\"150\" height=\"200\" \/><\/a>Jos\u00e9 Garc\u00eda<\/h3> <h4 style=\"text-align: left;\">Consultor de franquias<\/h4> <article class=\"text-token-text-primary w-full\" dir=\"auto\" data-testid=\"conversation-turn-2\" data-scroll-anchor=\"true\"> <div class=\"text-base my-auto mx-auto py-5 [--thread-content-margin:--spacing(4)] @[37rem]:[--thread-content-margin:--spacing(6)] @[72rem]:[--thread-content-margin:--spacing(16)] px-(--thread-content-margin)\"> <div class=\"[--thread-content-max-width:32rem] @[34rem]:[--thread-content-max-width:40rem] @[64rem]:[--thread-content-max-width:48rem] mx-auto flex max-w-(--thread-content-max-width) flex-1 text-base gap-4 md:gap-5 lg:gap-6 group\/turn-messages focus-visible:outline-hidden\" tabindex=\"-1\"> <div class=\"group\/conversation-turn relative flex w-full min-w-0 flex-col agent-turn\"> <div class=\"relative flex-col gap-1 md:gap-3\"> <div class=\"flex max-w-full flex-col grow\"> <div class=\"min-h-8 text-message relative flex w-full flex-col items-end gap-2 text-start break-words whitespace-normal [.text-message+&amp;]:mt-5\" dir=\"auto\" data-message-author-role=\"assistant\" data-message-id=\"c092a712-ab8b-4586-bfa7-bad92a9146bf\" data-message-model-slug=\"gpt-4o\"> <div class=\"flex w-full flex-col gap-1 empty:hidden first:pt-[3px]\"> <div class=\"markdown prose dark:prose-invert w-full break-words light\"> <p data-start=\"0\" data-end=\"503\" data-is-last-node=\"\" data-is-only-node=\"\">Estudos superiores em Com\u00e9rcio nacional e internacional. A sua estadia na Universidade Hogeschool de Rotterdam permitiu-lhe desenvolver fun\u00e7\u00f5es em v\u00e1rias \u00e1reas relacionadas com o marketing e a gest\u00e3o de empresas. Entre as suas qualidades destaca-se o elevado grau de responsabilidade e precis\u00e3o na execu\u00e7\u00e3o das suas compet\u00eancias. Al\u00e9m disso, possui experi\u00eancia comercial no aconselhamento a empreendedores com o objetivo de identificar perfis adequados para modelos de neg\u00f3cio sob a f\u00f3rmula da franquia.<\/p> <\/div> <\/div> <\/div> <\/div> <div class=\"flex justify-start\"><\/div> <\/div> <\/div> <\/div> <\/div> <\/article> <p class=\"p1\" style=\"text-align: left;\"><strong>E-mail: <\/strong><a href=\"mailto:jgarcia@t4franquicias.com\">jgarcia@t4franquicias.com<\/a><br \/> <strong>Telefone: <\/strong>916 263 929<\/p> <p style=\"text-align: left;\"><a href=\"#top\" alt=\"Ir arriba\">Ir arriba<\/a><\/p> <h3 style=\"text-align: left;\"><a href=\"https:\/\/www.t4franquicias.com\/wp-content\/uploads\/2025\/01\/Foto-web-Marta.png\"><img loading=\"lazy\" decoding=\"async\" class=\"wp-image-13231 size-full alignleft\" src=\"https:\/\/www.t4franquicias.com\/wp-content\/uploads\/2025\/01\/Foto-web-Marta.png\" alt=\"Foto web Marta\" width=\"150\" height=\"200\" \/><\/a>Marta Coca<\/h3> <h4 style=\"text-align: left;\">Consultor de franquias<\/h4> <p class=\"\" data-start=\"0\" data-end=\"205\"><strong data-start=\"0\" data-end=\"14\">Marta Coca<\/strong>, licenciada em Publicidade e Rela\u00e7\u00f5es P\u00fablicas pela Universidade de Barcelona, \u00e9 uma profissional dedicada ao mundo da consultoria, expans\u00e3o e desenvolvimento nacional de marcas e franquias.<\/p> <p class=\"\" data-start=\"207\" data-end=\"500\">Ao longo de 20 anos, definiu estrat\u00e9gias, planeamento, comercializa\u00e7\u00e3o e vendas de franquias para empresas de diversos setores, colaborando com marcas de destaque como <strong data-start=\"375\" data-end=\"402\">Undercolors of Benetton<\/strong>, <strong data-start=\"404\" data-end=\"412\">Udon<\/strong>, <strong data-start=\"414\" data-end=\"422\">Aita<\/strong> e <strong data-start=\"425\" data-end=\"433\">Kvik<\/strong>, antes de integrar o departamento de expans\u00e3o da <strong data-start=\"483\" data-end=\"499\">T4 Franquias<\/strong>.<\/p> <p class=\"\" data-start=\"502\" data-end=\"795\">Paralelamente, desenvolveu projetos empresariais pr\u00f3prios ligados \u00e0 atividade industrial da sua fam\u00edlia. Tamb\u00e9m trabalhou em v\u00e1rias ag\u00eancias de comunica\u00e7\u00e3o, onde foi respons\u00e1vel pela defini\u00e7\u00e3o de estrat\u00e9gias, organiza\u00e7\u00e3o de eventos e implementa\u00e7\u00e3o de projetos de comunica\u00e7\u00e3o interna e externa.<\/p> <p class=\"\" data-start=\"797\" data-end=\"981\">Entre os tra\u00e7os que melhor definem a sua personalidade e forma de trabalhar, destacam-se a <strong data-start=\"888\" data-end=\"904\">persist\u00eancia<\/strong>, <strong data-start=\"906\" data-end=\"919\">dedica\u00e7\u00e3o<\/strong>, <strong data-start=\"921\" data-end=\"936\">organiza\u00e7\u00e3o<\/strong>, <strong data-start=\"938\" data-end=\"954\">proatividade<\/strong> e <strong data-start=\"957\" data-end=\"980\">capacidade criativa<\/strong>.<\/p> <p class=\"p1\" style=\"text-align: left;\"><strong>E-mail: <\/strong><a href=\"mailto:mcoca@t4franquicias.com\">mcoca@t4franquicias.com<\/a><br \/> <strong>Telefone: <\/strong>672 09 57 74<\/p> <p class=\"p1\" style=\"text-align: left;\"><a href=\"#top\" alt=\"Ir arriba\">Ir arriba<\/a><\/p> <h3 style=\"text-align: left;\"><a href=\"https:\/\/www.t4franquicias.com\/wp-content\/uploads\/2025\/02\/JAVI-PUIG.png\"><img loading=\"lazy\" decoding=\"async\" class=\"wp-image-13242 size-full alignleft\" src=\"https:\/\/www.t4franquicias.com\/wp-content\/uploads\/2025\/02\/JAVI-PUIG.png\" alt=\"JAVI PUIG\" width=\"150\" height=\"200\" \/><\/a>Javier Puig de la Bellacasa<\/h3> <h4 style=\"text-align: left;\">Consultor de franquias<\/h4> <p class=\"\" data-start=\"0\" data-end=\"153\">Licenciado em Com\u00e9rcio pela Universidade Complutense de Madrid, <strong data-start=\"64\" data-end=\"74\">Javier<\/strong> possui uma s\u00f3lida experi\u00eancia no setor da consultoria e expans\u00e3o de franquias.<\/p> <p class=\"\" data-start=\"155\" data-end=\"515\">Trabalhou no departamento de expans\u00e3o, colaborando no desenvolvimento de redes de franquia em toda a Espanha e assessorando empreendedores e investidores na planifica\u00e7\u00e3o estrat\u00e9gica dos seus neg\u00f3cios. O seu trabalho tem-se centrado na identifica\u00e7\u00e3o de oportunidades de crescimento, na an\u00e1lise de viabilidade e na implementa\u00e7\u00e3o de modelos de neg\u00f3cio eficientes.<\/p> <p class=\"\" data-start=\"517\" data-end=\"849\">A sua experi\u00eancia internacional permitiu-lhe desenvolver uma vis\u00e3o global do mercado e uma grande capacidade de adapta\u00e7\u00e3o a diferentes contextos empresariais. O seu enfoque estrat\u00e9gico, aliado a um profundo conhecimento do setor, permite-lhe oferecer solu\u00e7\u00f5es personalizadas que impulsionam o sucesso de franqueadores e franqueados.<\/p> <p class=\"p1\" style=\"text-align: left;\"><strong>E-mail: <\/strong><a href=\"mailto:jpuig@t4franquicias.com\">jpuig@t4franquicias.com<\/a><br \/> <strong>Telefone: <\/strong>672 63 15 74<\/p> <h3 style=\"text-align: left;\"><a href=\"https:\/\/www.t4franquicias.com\/wp-content\/uploads\/2025\/01\/Foto-web-3.png\"><img loading=\"lazy\" decoding=\"async\" class=\"wp-image-13235 size-full alignleft\" src=\"https:\/\/www.t4franquicias.com\/wp-content\/uploads\/2025\/01\/Foto-web-3.png\" alt=\"Miriam Presa\" width=\"150\" height=\"200\" \/><\/a>Miriam Presa<\/h3> <h4 style=\"text-align: left;\">Respons\u00e1vel de Comunica\u00e7\u00e3o<\/h4> <p class=\"\" data-start=\"0\" data-end=\"216\">Licenciada em Com\u00e9rcio pela Universidade Complutense de Madrid e com um mestrado em Marketing Digital pela mesma institui\u00e7\u00e3o, <strong data-start=\"126\" data-end=\"136\">Miriam<\/strong> tem um enfoque centrado na liga\u00e7\u00e3o entre marcas, empreendedores e investidores.<\/p> <p class=\"\" data-start=\"218\" data-end=\"505\">Trabalha para refor\u00e7ar a visibilidade das marcas e consolidar o seu posicionamento no mercado. Apaixonada pela comunica\u00e7\u00e3o estrat\u00e9gica e pelo marketing digital, continua a apostar na sua forma\u00e7\u00e3o cont\u00ednua para acrescentar valor e obter resultados concretos em cada projeto da consultora.<\/p> <p class=\"p1\" style=\"text-align: left;\"><strong>E-mail: <\/strong><a href=\"mailto:mpresa@t4franquicias.com\">mpresa@t4franquicias.com<\/a><br \/> <strong>Telefone: <\/strong>656 18 29 85<\/p> <p style=\"text-align: left;\"><a href=\"#top\" alt=\"Ir arriba\">Ir arriba<\/a><\/p> <p style=\"text-align: left;\"><a href=\"https:\/\/www.t4franquicias.com\/wp-content\/uploads\/2025\/02\/Foto-web-5.png\"><img loading=\"lazy\" decoding=\"async\" class=\"wp-image-13243 size-full alignleft\" src=\"https:\/\/www.t4franquicias.com\/wp-content\/uploads\/2025\/02\/Foto-web-5.png\" alt=\"Mila Sanz\" width=\"150\" height=\"200\" \/><\/a><\/p> <h3 style=\"margin-top: 0px; text-align: left;\">Mila Sanz<\/h3> <h4 style=\"text-align: left;\">Respons\u00e1vel de Marketing e Social Media<\/h4> <p class=\"\" data-start=\"0\" data-end=\"198\"><strong data-start=\"0\" data-end=\"17\">Milagros Sanz<\/strong> \u00e9 a respons\u00e1vel de Marketing Digital e Redes Sociais da empresa. Integrou a T4 Franquias em 2018, ap\u00f3s uma longa experi\u00eancia especializada na gest\u00e3o de e-commerce no setor da moda.<\/p> <p class=\"\" data-start=\"200\" data-end=\"543\">Nos \u00faltimos anos, reorientou a sua carreira para a \u00e1rea de marketing digital com foco em performance, liderando atualmente a unidade que gere, na T4 Franquias, as campanhas de capta\u00e7\u00e3o de leads atrav\u00e9s de canais pagos como <strong data-start=\"423\" data-end=\"433\">Search<\/strong> e <strong data-start=\"436\" data-end=\"451\">Paid Social<\/strong>, assim como canais org\u00e2nicos em meios pr\u00f3prios, contando tamb\u00e9m com experi\u00eancia em <strong data-start=\"535\" data-end=\"542\">SEO<\/strong>.<\/p> <p class=\"\" data-start=\"545\" data-end=\"706\">O seu profundo conhecimento do ecossistema digital permite-lhe transformar as necessidades das marcas em oportunidades reais, com foco no crescimento do neg\u00f3cio.<\/p> <p style=\"text-align: left;\"><strong>E-mail:<\/strong> <a href=\"mailto:jaragones@t4franquicias.com\">msanz@t4franquicias.com<\/a><br \/> <strong>Telefone:<\/strong> 916 263 929<\/p> <p style=\"text-align: left;\"><a href=\"#top\" alt=\"Ir arriba\">Ir arriba<\/a><\/p> <h3><a href=\"https:\/\/www.t4franquicias.com\/wp-content\/uploads\/2022\/06\/Foto-web-1.png\"><img loading=\"lazy\" decoding=\"async\" class=\"size-full wp-image-11372 alignleft\" src=\"https:\/\/www.t4franquicias.com\/wp-content\/uploads\/2022\/06\/Foto-web-1.png\" alt=\"Alejandro\" width=\"150\" height=\"200\" \/><\/a>Alejandro Vall\u00e9s<\/h3> <h4 style=\"text-align: left;\">Delegado da Extremadura<\/h4> <p class=\"\" data-start=\"0\" data-end=\"270\"><strong data-start=\"0\" data-end=\"13\">Alejandro<\/strong> \u00e9 licenciado em Administra\u00e7\u00e3o e Dire\u00e7\u00e3o de Empresas e possui um mestrado em Filosofia e Humanidades. Ap\u00f3s concluir os seus estudos, desempenhou fun\u00e7\u00f5es na \u00e1rea de desenvolvimento de neg\u00f3cio em Cuba e na Alemanha, nos setores farmac\u00eautico e de investimento.<\/p> <p class=\"\" data-start=\"272\" data-end=\"471\">De regresso a Espanha, ingressou no setor da consultoria em investimento e franquias, centrando o seu trabalho principalmente na expans\u00e3o de grandes contas e na avalia\u00e7\u00e3o de novos modelos de neg\u00f3cio. Da sua personalidade e forma de trabalhar, destacam-se a <strong data-start=\"530\" data-end=\"549\">mente anal\u00edtica<\/strong> e a sua <strong data-start=\"558\" data-end=\"573\">integridade<\/strong>.<\/p> <p><strong>E-mail:<\/strong> <a href=\"mailto:avalle@t4franquicias.com\">avalle@t4franquicias.com<\/a><br \/> <strong>Telefone:<\/strong> +34 630 844 308<\/p> <a href=\"#top\" alt=\"Ir arriba\">Ir arriba<\/a> <h3 style=\"text-align: left;\"><a href=\"https:\/\/www.t4franquicias.com\/wp-content\/uploads\/2021\/12\/Disen\u0303o-sin-ti\u0301tulo-5.png\"><img loading=\"lazy\" decoding=\"async\" class=\"size-full wp-image-10783 alignleft\" src=\"https:\/\/www.t4franquicias.com\/wp-content\/uploads\/2021\/12\/Disen\u0303o-sin-ti\u0301tulo-5.png\" alt=\"Juan Carlos Parrilla\" width=\"150\" height=\"200\" \/><\/a>Juan Carlos Parrilla<\/h3> <h4 style=\"text-align: left;\">Delegado da Sevilla<\/h4> <p class=\"\" data-start=\"0\" data-end=\"283\"><strong data-start=\"0\" data-end=\"24\">Juan Carlos Parrilla<\/strong> \u00e9 um empres\u00e1rio com uma vasta trajet\u00f3ria na cria\u00e7\u00e3o de projetos empresariais. Nos \u00faltimos 25 anos, criou e desenvolveu in\u00fameras empresas e participou em processos de assessoria na cria\u00e7\u00e3o de neg\u00f3cios, colaborando com diversas iniciativas de empreendedorismo.<\/p> <p class=\"\" data-start=\"285\" data-end=\"432\">A sua s\u00f3lida experi\u00eancia levou-o a integrar os \u00f3rg\u00e3os de dire\u00e7\u00e3o de v\u00e1rias empresas, contribuindo ativamente para o seu crescimento e consolida\u00e7\u00e3o.<\/p> <p style=\"text-align: left;\"><strong>E-mail:<\/strong> <a href=\"mailto:jcparrilla@t4franquicias.com\">jcparrilla@t4franquicias.com<\/a><br \/> <strong>Telefone:<\/strong> +34 609 516 810 \/ 916 263 929<\/p> <a href=\"#top\" alt=\"Ir arriba\">Ir arriba<\/a> <h3 style=\"text-align: left;\"><img loading=\"lazy\" decoding=\"async\" class=\"alignleft wp-image-5833\" src=\"https:\/\/www.t4franquicias.com\/wp-content\/uploads\/2018\/06\/DANIEL-VILLAREJO-150x150.png\" alt=\"daniel-villarejo\" width=\"184\" height=\"184\" \/>Daniel M. Villarejo<\/h3> <h4 style=\"text-align: left;\">Coordenador da \u00c1rea Internacional<\/h4> <article class=\"text-token-text-primary w-full\" dir=\"auto\" data-testid=\"conversation-turn-148\" data-scroll-anchor=\"true\"> <div class=\"text-base my-auto mx-auto py-5 [--thread-content-margin:--spacing(4)] @[37rem]:[--thread-content-margin:--spacing(6)] @[72rem]:[--thread-content-margin:--spacing(16)] px-(--thread-content-margin)\"> <div class=\"[--thread-content-max-width:32rem] @[34rem]:[--thread-content-max-width:40rem] @[64rem]:[--thread-content-max-width:48rem] mx-auto flex max-w-(--thread-content-max-width) flex-1 text-base gap-4 md:gap-5 lg:gap-6 group\/turn-messages focus-visible:outline-hidden\" tabindex=\"-1\"> <div class=\"group\/conversation-turn relative flex w-full min-w-0 flex-col agent-turn\"> <div class=\"relative flex-col gap-1 md:gap-3\"> <div class=\"flex max-w-full flex-col grow\"> <div class=\"min-h-8 text-message relative flex w-full flex-col items-end gap-2 text-start break-words whitespace-normal [.text-message+&amp;]:mt-5\" dir=\"auto\" data-message-author-role=\"assistant\" data-message-id=\"0c0dd3f1-7f57-4039-8821-46965dfc6b46\" data-message-model-slug=\"gpt-4o\"> <div class=\"flex w-full flex-col gap-1 empty:hidden first:pt-[3px]\"> <div class=\"markdown prose dark:prose-invert w-full break-words light\"> <p class=\"\" data-start=\"0\" data-end=\"184\"><strong data-start=\"0\" data-end=\"16\">Daniel Mu\u00f1oz<\/strong> \u00e9 Consultor de Desenvolvimento Internacional, especializado na implementa\u00e7\u00e3o de marcas e no aconselhamento a startups, tanto em modelos de neg\u00f3cio online como offline.<\/p> <p class=\"\" data-start=\"186\" data-end=\"457\">Ap\u00f3s ocupar cargos de dire\u00e7\u00e3o em empresas, desenvolveu a sua carreira participando no lan\u00e7amento de diversos projetos, tanto na Europa como na Am\u00e9rica, colaborando de forma pr\u00f3xima com diferentes investidores, seja como consultor externo, seja como <strong data-start=\"435\" data-end=\"454\">Interim Manager<\/strong>.<\/p> <p class=\"\" data-start=\"459\" data-end=\"539\">Atua tamb\u00e9m ativamente na cria\u00e7\u00e3o de novos projetos enquanto <strong data-start=\"520\" data-end=\"538\">Business Angel<\/strong><\/p> <\/div> <\/div> <\/div> <\/div> <\/div> <\/div> <\/div> <\/div> <\/article> <p style=\"text-align: left;\"><strong>E-mail:<\/strong> <a href=\"mailto:dmvillarejo@t4franquicias.com\">dmvillarejo@t4franquicias.com<\/a><br \/> <strong>Telefone:<\/strong> +34 630536217\u00a0\/ +376 641164<\/p> <p style=\"text-align: left;\"><a href=\"#top\" alt=\"Ir arriba\">Ir arriba<\/a><\/p> <p><a href=\"https:\/\/www.t4franquicias.com\/wp-content\/uploads\/2024\/07\/Juan-Rubiano.png\"><img loading=\"lazy\" decoding=\"async\" class=\"alignleft size-full wp-image-12880\" src=\"https:\/\/www.t4franquicias.com\/wp-content\/uploads\/2024\/07\/Juan-Rubiano.png\" alt=\"\" width=\"150\" height=\"200\" \/><\/a><\/p> <h3 style=\"text-align: left;\">Juanjo Rubiano Tena<\/h3> <h4 style=\"text-align: left;\">Delega\u00e7\u00e3o T4 Franquicias Val\u00eancia<\/h4> <p>Interim Manager e especialista em estrat\u00e9gia e crescimento empresarial. O Juanjo conta com uma vasta experi\u00eancia no desenvolvimento e implementa\u00e7\u00e3o de estrat\u00e9gias eficazes para impulsionar o crescimento e a expans\u00e3o de neg\u00f3cios em diversos setores. O seu enfoque centra-se no desenvolvimento e estrutura\u00e7\u00e3o da restaura\u00e7\u00e3o em cadeia, onde liderou m\u00faltiplos projetos.<\/p> <p>&nbsp;<\/p> <p style=\"text-align: left;\"><strong>E-mail:<\/strong> <a title=\"mailto:Jrubiano@t4franquicias.com\" href=\"mailto:Jrubiano@t4franquicias.com\">Jrubiano@t4franquicias.com<\/a><br \/> <strong>Telefone:<\/strong> <a href=\"tel:+34687471255\">+34 687 47 12 55<\/a><\/p> <a href=\"#top\" alt=\"Ir arriba\">Ir arriba<\/a> <h3 style=\"text-align: left;\"><a href=\"https:\/\/www.t4franquicias.com\/wp-content\/uploads\/2024\/07\/Diseno-sin-titulo.png\"><img loading=\"lazy\" decoding=\"async\" class=\"alignleft size-full wp-image-12866\" src=\"https:\/\/www.t4franquicias.com\/wp-content\/uploads\/2024\/07\/Diseno-sin-titulo.png\" alt=\"M. Carolina Rosales Justo\" width=\"150\" height=\"200\" \/><\/a>M. Carolina Rosales Justo<\/h3> <h4 style=\"text-align: left;\">Delega\u00e7\u00e3o T4 Franquicias Val\u00eancia<\/h4> <p style=\"text-align: left;\">Consultora experiente, vision\u00e1ria e comprometida com a comunidade latino-americana, traz consigo uma ampla experi\u00eancia no setor empresarial, uma vis\u00e3o global do mercado e, em particular, um profundo conhecimento da comunidade latino-americana, o que a torna uma assessora ideal para projetos que pretendem expandir-se ou consolidar-se em Espanha. Ap\u00f3s estudar na Faculdade de Direito da Universidade Santa Maria, e ao mesmo tempo exercer fun\u00e7\u00f5es como funcion\u00e1ria do Supremo Tribunal no seu pa\u00eds, desenvolveu uma carreira diversificada na gest\u00e3o e propriedade de restaurantes, bares e discotecas, assim como de um est\u00fadio fotogr\u00e1fico com grava\u00e7\u00e3o. A sua experi\u00eancia internacional abrange pa\u00edses como os Estados Unidos, Panam\u00e1, Peru, Venezuela, Col\u00f4mbia, It\u00e1lia, Portugal e Espanha. Orgulhosa das suas ra\u00edzes venezuelanas, estar\u00e1 ao dispor dos empres\u00e1rios latino-americanos que queiram iniciar o seu pr\u00f3prio neg\u00f3cio atrav\u00e9s do modelo de franchising.<\/p> <p style=\"text-align: left;\"><strong>E-mail:<\/strong> <a title=\"mailto:Crosales@t4franquicias.com\" href=\"mailto:Crosales@t4franquicias.com\">Crosales@t4franquicias.com<\/a><br \/> <strong>Tel\u00e9fono:<\/strong> <a href=\"tel:+34695898068\">+34 695 89 80 68<\/a><\/p> <a href=\"#top\" alt=\"Ir arriba\">Ir arriba<\/a><\/div><\/div>","protected":false},"excerpt":{"rendered":"<p>Especialistas em Franquia Se procura especialistas em franquia, a T4 Franquicias\u00a0\u00e9 um projeto empresarial constitu\u00eddo por profissionais de grande prest\u00edgio, com mais de 20 anos de experi\u00eancia no setor, que participaram e lideraram algumas das hist\u00f3rias de sucesso mais relevantes tanto a n\u00edvel nacional como internacional. Toda essa experi\u00eancia foi reunida num projeto que oferece [&hellip;]<\/p>\n","protected":false},"author":1,"featured_media":0,"parent":27,"menu_order":1,"comment_status":"closed","ping_status":"closed","template":"","meta":{"_acf_changed":false,"footnotes":""},"class_list":["post-114","page","type-page","status-publish","hentry"],"acf":[],"yoast_head":"<!-- This site is optimized with the Yoast SEO Premium plugin v27.2 (Yoast SEO v27.2) - https:\/\/yoast.com\/product\/yoast-seo-premium-wordpress\/ -->\n<title>Profissionais e especialistas em Franquias com experi\u00eancia comprovada<\/title>\n<meta name=\"description\" content=\"A nossa equipa de especialistas em franchising oferece ao mercado um modelo de trabalho orientado para os resultados.\" \/>\n<meta name=\"robots\" content=\"index, follow, max-snippet:-1, max-image-preview:large, max-video-preview:-1\" \/>\n<link rel=\"canonical\" href=\"https:\/\/www.t4franquicias.com\/pt\/empresa\/quem-somos-especialistas-em-franquia\/\" \/>\n<meta property=\"og:locale\" content=\"es_ES\" \/>\n<meta property=\"og:type\" content=\"article\" \/>\n<meta property=\"og:title\" content=\"Quem Somos. Especialistas em franquia\" \/>\n<meta property=\"og:description\" content=\"A nossa equipa de especialistas em franchising oferece ao mercado um modelo de trabalho orientado para os resultados.\" \/>\n<meta property=\"og:url\" content=\"https:\/\/www.t4franquicias.com\/pt\/empresa\/quem-somos-especialistas-em-franquia\/\" \/>\n<meta property=\"og:site_name\" content=\"T4franquicias.com [pt]\" \/>\n<meta property=\"article:publisher\" content=\"https:\/\/www.facebook.com\/T4-Franquicias-270127153112770\/\" \/>\n<meta property=\"article:modified_time\" content=\"2025-05-29T11:41:43+00:00\" \/>\n<meta property=\"og:image\" content=\"https:\/\/www.t4franquicias.com\/wp-content\/uploads\/2025\/01\/Foto-web-2.png\" \/>\n<meta name=\"twitter:card\" content=\"summary_large_image\" \/>\n<meta name=\"twitter:site\" content=\"@T4Franquicias\" \/>\n<meta name=\"twitter:label1\" content=\"Tiempo de lectura\" \/>\n\t<meta name=\"twitter:data1\" content=\"11 minutos\" \/>\n<script type=\"application\/ld+json\" class=\"yoast-schema-graph\">{\"@context\":\"https:\/\/schema.org\",\"@graph\":[{\"@type\":\"WebPage\",\"@id\":\"https:\/\/www.t4franquicias.com\/pt\/empresa\/quem-somos-especialistas-em-franquia\/\",\"url\":\"https:\/\/www.t4franquicias.com\/pt\/empresa\/quem-somos-especialistas-em-franquia\/\",\"name\":\"Profissionais e especialistas em Franquias com experi\u00eancia comprovada\",\"isPartOf\":{\"@id\":\"https:\/\/www.t4franquicias.com\/pt\/#website\"},\"primaryImageOfPage\":{\"@id\":\"https:\/\/www.t4franquicias.com\/pt\/empresa\/quem-somos-especialistas-em-franquia\/#primaryimage\"},\"image\":{\"@id\":\"https:\/\/www.t4franquicias.com\/pt\/empresa\/quem-somos-especialistas-em-franquia\/#primaryimage\"},\"thumbnailUrl\":\"https:\/\/www.t4franquicias.com\/wp-content\/uploads\/2025\/01\/Foto-web-2.png\",\"datePublished\":\"2012-10-15T15:55:20+00:00\",\"dateModified\":\"2025-05-29T11:41:43+00:00\",\"description\":\"A nossa equipa de especialistas em franchising oferece ao mercado um modelo de trabalho orientado para os resultados.\",\"breadcrumb\":{\"@id\":\"https:\/\/www.t4franquicias.com\/pt\/empresa\/quem-somos-especialistas-em-franquia\/#breadcrumb\"},\"inLanguage\":\"es\",\"potentialAction\":[{\"@type\":\"ReadAction\",\"target\":[\"https:\/\/www.t4franquicias.com\/pt\/empresa\/quem-somos-especialistas-em-franquia\/\"]}]},{\"@type\":\"ImageObject\",\"inLanguage\":\"es\",\"@id\":\"https:\/\/www.t4franquicias.com\/pt\/empresa\/quem-somos-especialistas-em-franquia\/#primaryimage\",\"url\":\"https:\/\/www.t4franquicias.com\/wp-content\/uploads\/2025\/01\/Foto-web-2.png\",\"contentUrl\":\"https:\/\/www.t4franquicias.com\/wp-content\/uploads\/2025\/01\/Foto-web-2.png\"},{\"@type\":\"BreadcrumbList\",\"@id\":\"https:\/\/www.t4franquicias.com\/pt\/empresa\/quem-somos-especialistas-em-franquia\/#breadcrumb\",\"itemListElement\":[{\"@type\":\"ListItem\",\"position\":1,\"name\":\"Portada\",\"item\":\"https:\/\/www.t4franquicias.com\/pt\/\"},{\"@type\":\"ListItem\",\"position\":2,\"name\":\"Empresa\",\"item\":\"https:\/\/www.t4franquicias.com\/pt\/empresa\/\"},{\"@type\":\"ListItem\",\"position\":3,\"name\":\"Quem Somos. Especialistas em franquia\"}]},{\"@type\":\"WebSite\",\"@id\":\"https:\/\/www.t4franquicias.com\/pt\/#website\",\"url\":\"https:\/\/www.t4franquicias.com\/pt\/\",\"name\":\"T4 Franquicias\",\"description\":\" Assessores e Consultores de Franquias\",\"publisher\":{\"@id\":\"https:\/\/www.t4franquicias.com\/pt\/#organization\"},\"alternateName\":\"T4 Franquicias\",\"potentialAction\":[{\"@type\":\"SearchAction\",\"target\":{\"@type\":\"EntryPoint\",\"urlTemplate\":\"https:\/\/www.t4franquicias.com\/pt\/?s={search_term_string}\"},\"query-input\":{\"@type\":\"PropertyValueSpecification\",\"valueRequired\":true,\"valueName\":\"search_term_string\"}}],\"inLanguage\":\"es\"},{\"@type\":\"Organization\",\"@id\":\"https:\/\/www.t4franquicias.com\/pt\/#organization\",\"name\":\"T4 Fraqnuicias\",\"alternateName\":\"T4 Franquicias\",\"url\":\"https:\/\/www.t4franquicias.com\/pt\/\",\"logo\":{\"@type\":\"ImageObject\",\"inLanguage\":\"es\",\"@id\":\"https:\/\/www.t4franquicias.com\/pt\/#\/schema\/logo\/image\/\",\"url\":\"https:\/\/www.t4franquicias.com\/wp-content\/uploads\/2018\/04\/t4-logo.svg\",\"contentUrl\":\"https:\/\/www.t4franquicias.com\/wp-content\/uploads\/2018\/04\/t4-logo.svg\",\"width\":1,\"height\":1,\"caption\":\"T4 Fraqnuicias\"},\"image\":{\"@id\":\"https:\/\/www.t4franquicias.com\/pt\/#\/schema\/logo\/image\/\"},\"sameAs\":[\"https:\/\/www.facebook.com\/T4-Franquicias-270127153112770\/\",\"https:\/\/x.com\/T4Franquicias\",\"https:\/\/www.instagram.com\/t4franquicias\/\",\"https:\/\/www.linkedin.com\/authwall?trk=gf&amp;amp;amp;amp;amp;trkInfo=AQG83SA0TyN3UQAAAWMYAdeghPMLtp364yC1mwjqOVe3ltdrpkNISDeFPIu5JnOXZabpHhOck9v-kKJi00EkvJPzGLSsSKwe2E0JZHQKhoOz7ZyIDeTOPiKeS5bj4J2m9m1iR_M=&amp;amp;amp;amp;amp;originalReferer=http:\/\/www.t4franquicias.com\/&amp;amp;amp;amp;amp;sessionRedirect=https:\/\/www.linkedin.com\/company\/t4-franquicias?trk=tyah\"]}]}<\/script>\n<!-- \/ Yoast SEO Premium plugin. -->","yoast_head_json":{"title":"Profissionais e especialistas em Franquias com experi\u00eancia comprovada","description":"A nossa equipa de especialistas em franchising oferece ao mercado um modelo de trabalho orientado para os resultados.","robots":{"index":"index","follow":"follow","max-snippet":"max-snippet:-1","max-image-preview":"max-image-preview:large","max-video-preview":"max-video-preview:-1"},"canonical":"https:\/\/www.t4franquicias.com\/pt\/empresa\/quem-somos-especialistas-em-franquia\/","og_locale":"es_ES","og_type":"article","og_title":"Quem Somos. Especialistas em franquia","og_description":"A nossa equipa de especialistas em franchising oferece ao mercado um modelo de trabalho orientado para os resultados.","og_url":"https:\/\/www.t4franquicias.com\/pt\/empresa\/quem-somos-especialistas-em-franquia\/","og_site_name":"T4franquicias.com [pt]","article_publisher":"https:\/\/www.facebook.com\/T4-Franquicias-270127153112770\/","article_modified_time":"2025-05-29T11:41:43+00:00","og_image":[{"url":"https:\/\/www.t4franquicias.com\/wp-content\/uploads\/2025\/01\/Foto-web-2.png","type":"","width":"","height":""}],"twitter_card":"summary_large_image","twitter_site":"@T4Franquicias","twitter_misc":{"Tiempo de lectura":"11 minutos"},"schema":{"@context":"https:\/\/schema.org","@graph":[{"@type":"WebPage","@id":"https:\/\/www.t4franquicias.com\/pt\/empresa\/quem-somos-especialistas-em-franquia\/","url":"https:\/\/www.t4franquicias.com\/pt\/empresa\/quem-somos-especialistas-em-franquia\/","name":"Profissionais e especialistas em Franquias com experi\u00eancia comprovada","isPartOf":{"@id":"https:\/\/www.t4franquicias.com\/pt\/#website"},"primaryImageOfPage":{"@id":"https:\/\/www.t4franquicias.com\/pt\/empresa\/quem-somos-especialistas-em-franquia\/#primaryimage"},"image":{"@id":"https:\/\/www.t4franquicias.com\/pt\/empresa\/quem-somos-especialistas-em-franquia\/#primaryimage"},"thumbnailUrl":"https:\/\/www.t4franquicias.com\/wp-content\/uploads\/2025\/01\/Foto-web-2.png","datePublished":"2012-10-15T15:55:20+00:00","dateModified":"2025-05-29T11:41:43+00:00","description":"A nossa equipa de especialistas em franchising oferece ao mercado um modelo de trabalho orientado para os resultados.","breadcrumb":{"@id":"https:\/\/www.t4franquicias.com\/pt\/empresa\/quem-somos-especialistas-em-franquia\/#breadcrumb"},"inLanguage":"es","potentialAction":[{"@type":"ReadAction","target":["https:\/\/www.t4franquicias.com\/pt\/empresa\/quem-somos-especialistas-em-franquia\/"]}]},{"@type":"ImageObject","inLanguage":"es","@id":"https:\/\/www.t4franquicias.com\/pt\/empresa\/quem-somos-especialistas-em-franquia\/#primaryimage","url":"https:\/\/www.t4franquicias.com\/wp-content\/uploads\/2025\/01\/Foto-web-2.png","contentUrl":"https:\/\/www.t4franquicias.com\/wp-content\/uploads\/2025\/01\/Foto-web-2.png"},{"@type":"BreadcrumbList","@id":"https:\/\/www.t4franquicias.com\/pt\/empresa\/quem-somos-especialistas-em-franquia\/#breadcrumb","itemListElement":[{"@type":"ListItem","position":1,"name":"Portada","item":"https:\/\/www.t4franquicias.com\/pt\/"},{"@type":"ListItem","position":2,"name":"Empresa","item":"https:\/\/www.t4franquicias.com\/pt\/empresa\/"},{"@type":"ListItem","position":3,"name":"Quem Somos. Especialistas em franquia"}]},{"@type":"WebSite","@id":"https:\/\/www.t4franquicias.com\/pt\/#website","url":"https:\/\/www.t4franquicias.com\/pt\/","name":"T4 Franquicias","description":" Assessores e Consultores de Franquias","publisher":{"@id":"https:\/\/www.t4franquicias.com\/pt\/#organization"},"alternateName":"T4 Franquicias","potentialAction":[{"@type":"SearchAction","target":{"@type":"EntryPoint","urlTemplate":"https:\/\/www.t4franquicias.com\/pt\/?s={search_term_string}"},"query-input":{"@type":"PropertyValueSpecification","valueRequired":true,"valueName":"search_term_string"}}],"inLanguage":"es"},{"@type":"Organization","@id":"https:\/\/www.t4franquicias.com\/pt\/#organization","name":"T4 Fraqnuicias","alternateName":"T4 Franquicias","url":"https:\/\/www.t4franquicias.com\/pt\/","logo":{"@type":"ImageObject","inLanguage":"es","@id":"https:\/\/www.t4franquicias.com\/pt\/#\/schema\/logo\/image\/","url":"https:\/\/www.t4franquicias.com\/wp-content\/uploads\/2018\/04\/t4-logo.svg","contentUrl":"https:\/\/www.t4franquicias.com\/wp-content\/uploads\/2018\/04\/t4-logo.svg","width":1,"height":1,"caption":"T4 Fraqnuicias"},"image":{"@id":"https:\/\/www.t4franquicias.com\/pt\/#\/schema\/logo\/image\/"},"sameAs":["https:\/\/www.facebook.com\/T4-Franquicias-270127153112770\/","https:\/\/x.com\/T4Franquicias","https:\/\/www.instagram.com\/t4franquicias\/","https:\/\/www.linkedin.com\/authwall?trk=gf&amp;amp;amp;amp;amp;trkInfo=AQG83SA0TyN3UQAAAWMYAdeghPMLtp364yC1mwjqOVe3ltdrpkNISDeFPIu5JnOXZabpHhOck9v-kKJi00EkvJPzGLSsSKwe2E0JZHQKhoOz7ZyIDeTOPiKeS5bj4J2m9m1iR_M=&amp;amp;amp;amp;amp;originalReferer=http:\/\/www.t4franquicias.com\/&amp;amp;amp;amp;amp;sessionRedirect=https:\/\/www.linkedin.com\/company\/t4-franquicias?trk=tyah"]}]}},"_links":{"self":[{"href":"https:\/\/www.t4franquicias.com\/pt\/wp-json\/wp\/v2\/pages\/114","targetHints":{"allow":["GET"]}}],"collection":[{"href":"https:\/\/www.t4franquicias.com\/pt\/wp-json\/wp\/v2\/pages"}],"about":[{"href":"https:\/\/www.t4franquicias.com\/pt\/wp-json\/wp\/v2\/types\/page"}],"author":[{"embeddable":true,"href":"https:\/\/www.t4franquicias.com\/pt\/wp-json\/wp\/v2\/users\/1"}],"replies":[{"embeddable":true,"href":"https:\/\/www.t4franquicias.com\/pt\/wp-json\/wp\/v2\/comments?post=114"}],"version-history":[{"count":0,"href":"https:\/\/www.t4franquicias.com\/pt\/wp-json\/wp\/v2\/pages\/114\/revisions"}],"up":[{"embeddable":true,"href":"https:\/\/www.t4franquicias.com\/pt\/wp-json\/wp\/v2\/pages\/27"}],"wp:attachment":[{"href":"https:\/\/www.t4franquicias.com\/pt\/wp-json\/wp\/v2\/media?parent=114"}],"curies":[{"name":"wp","href":"https:\/\/api.w.org\/{rel}","templated":true}]}}